{"id":19,"date":"2015-05-16T17:24:14","date_gmt":"2015-05-16T17:24:14","guid":{"rendered":"http:\/\/www.valledosreis.com\/fr\/?page_id=19"},"modified":"2015-05-16T17:24:14","modified_gmt":"2015-05-16T17:24:14","slug":"arrangements","status":"publish","type":"page","link":"https:\/\/www.enfis.pt\/valledosreisfr\/arrangements\/","title":{"rendered":"ARRANGEMENTS"},"content":{"rendered":"<p>\t\t\t\t<strong>Information sur l&#8217;adh\u00e9sion<\/strong><\/p>\n<p>Valle dos Reois offre plusieurs types qui peuvent aller d\u00e9finitivement rester dans la chambre ou suite, quotidienne ou mensuelle des s\u00e9jours temporaires, s\u00e9jours de r\u00e9cup\u00e9ration et grabataire. Tous types comprennent l&#8217;h\u00e9bergement, la nourriture, les services m\u00e9dicaux et les soins infirmiers.<\/p>\n<h3>DUV (Lifetime utilisation de la loi)<\/h3>\n<p>L&#8217;droit de s\u00e9jour est attribu\u00e9 \u00e0 titre personnel, \u00e0 la r\u00e8gle de droit \u00e0 la vie et non transf\u00e9rable (sauf au compagnon en cas de logements occup\u00e9s par 2 membres).<\/p>\n<h3>DUV 65<\/h3>\n<p>Contrat pour la vie r\u00e9gime bon pour les personnes \u00e2g\u00e9es de 65 \u00e0 79 ans.<\/p>\n<h3>DUV 80<\/h3>\n<p>Contrat pour la vie r\u00e9gime bon pour les personnes \u00e2g\u00e9es de plus de 80 ans.<\/p>\n<h3>DUT (Droit \u00e0 usage temporaire)<\/h3>\n<p>S\u00e9jours temporaires avec la possibilit\u00e9 d&#8217;\u00eatre renouvel\u00e9 sur une base mensuelle, selon la disponibilit\u00e9.<\/p>\n<h3>Le mode de base<\/h3>\n<p>Il ne exige pas le paiement d&#8217;une entr\u00e9e \/ DUV et seulement payer un acompte correspondant \u00e0 une scolarit\u00e9. Dans ce cas, les admissions sont accept\u00e9es pour des s\u00e9jours n\u00e9cessairement une chambre double. La redevance mensuelle comprend l&#8217;h\u00e9bergement et quatre repas par jour, des services m\u00e9dicaux et infirmiers.<\/p>\n<h3>Le mode de base sup\u00e9rieure<\/h3>\n<p>Il ne exige pas le paiement d&#8217;une entr\u00e9e \/ DUV et seulement payer un acompte correspondant \u00e0 une scolarit\u00e9. Dans ce cas, les admissions accept\u00e9es sont obligatoires pour les s\u00e9jours en chambre double dans les \u00e9tages 1, 2 et 3 de la Vall\u00e9e des Rois.<br \/>\nLa redevance mensuelle comprend l&#8217;h\u00e9bergement et quatre repas par jour, des services m\u00e9dicaux et infirmiers.<\/p>\n<h3>Mode de soins de qualit\u00e9 sup\u00e9rieure<\/h3>\n<p>Il ne exige pas le paiement d&#8217;une entr\u00e9e \/ DUV et seulement payer un acompte correspondant \u00e0 une scolarit\u00e9.<br \/>\nDans ce cas, les admissions accept\u00e9es sont obligatoires pour les s\u00e9jours en chambre double au niveau 0<br \/>\nPermet acceptation des r\u00e9sidents alit\u00e9s, sans aucune d\u00e9t\u00e9rioration de la valeur de la redevance mensuelle (\u00e0 l&#8217;exclusion des frais suppl\u00e9mentaires qui pourraient \u00eatre n\u00e9cessaires).<\/p>\n<h3>Mode de DUT (Droit \u00e0 utilisation temporaire)<\/h3>\n<p>L&#8217;utilisateur peut profiter d&#8217;un s\u00e9jour temporaire, chambre priv\u00e9e, avec un minimum d&#8217;un mois et un maximum de deux mois. Ce mode a pour but principal le proc\u00e8s, de sorte que l&#8217;utilisateur peut prendre l&#8217;option de r\u00e9sident permanent pleinement conscient de ce qu&#8217;il faut attendre de la Vall\u00e9e des Rois.<\/p>\n<h3>Mode de r\u00e9cup\u00e9ration<\/h3>\n<p>Ambitionne de faire les utilisateurs d&#8217;une p\u00e9riode maximale de trois mois de la reprise (apr\u00e8s la chirurgie, la th\u00e9rapie physique ou de la maladie, etc.) dans la vall\u00e9e des Rois, ne pas forcer l&#8217;\u00e2ge minimum de 65 faisant usage de services m\u00e9dicale, infirmi\u00e8re et physioth\u00e9rapie fournie par l&#8217;\u00e9tablissement.<\/p>\n<p>Le mode premiuL&#8217;obligation de payer, en totalit\u00e9, le DUV ou des frais d&#8217;admission (Lifetime utilisation du droit) sur l&#8217;acc\u00e8s \u00e0 la Vall\u00e9e des Rois, avec le m\u00eame retourn\u00e9 en cas de d\u00e9c\u00e8s du r\u00e9sident jusqu&#8217;\u00e0 ce que ces quatre ann\u00e9es compl\u00e8tes de r\u00e9sidence en pourcentages pr\u00e9 d\u00e9fini.<\/p>\n<p>La redevance mensuelle respective comprend quatre repas, l&#8217;h\u00e9bergement, des bons de repas pour 4 offre aux visiteurs, deux bons d&#8217;une valeur \u20ac 10,00 pour une utilisation dans Scape &amp; Medical Spa, toutes les activit\u00e9s d&#8217;animation et physiques, les services m\u00e9dicaux et les soins infirmiers.<\/p>\n<h3>Prime r\u00e9partition modale<\/h3>\n<p>L&#8217;entr\u00e9e \/ DUV subit une l\u00e9g\u00e8re augmentation, mais peut \u00eatre pay\u00e9 en quatre versements annuels, avec pas de place \u00e0 aucun remboursement en cas de d\u00e9c\u00e8s du r\u00e9sident.<\/p>\n<p>La redevance mensuelle respective comprend quatre repas, l&#8217;h\u00e9bergement, des bons de repas pour 4 offre aux visiteurs, deux bons d&#8217;une valeur \u20ac 10,00 pour une utilisation dans Scape &amp; Medical Spa, toutes les activit\u00e9s d&#8217;animation et physiques, les services m\u00e9dicaux et les soins infirmiers.\t\t<\/p>\n","protected":false},"excerpt":{"rendered":"<p>Information sur l&#8217;adh\u00e9sion Valle dos Reois offre plusieurs types qui peuvent aller d\u00e9finitivement rester dans la chambre ou suite, quotidienne ou mensuelle des s\u00e9jours temporaires, s\u00e9jours de r\u00e9cup\u00e9ration et grabataire. Tous types comprennent l&#8217;h\u00e9bergement, la nourriture, les services m\u00e9dicaux et les soins infirmiers. DUV (Lifetime utilisation de la loi) L&#8217;droit de s\u00e9jour est attribu\u00e9 \u00e0 [&hellip;]<\/p>\n","protected":false},"author":1,"featured_media":0,"parent":0,"menu_order":0,"comment_status":"open","ping_status":"closed","template":"","meta":{"footnotes":""},"class_list":["post-19","page","type-page","status-publish","hentry"],"_links":{"self":[{"href":"https:\/\/www.enfis.pt\/valledosreisfr\/wp-json\/wp\/v2\/pages\/19","targetHints":{"allow":["GET"]}}],"collection":[{"href":"https:\/\/www.enfis.pt\/valledosreisfr\/wp-json\/wp\/v2\/pages"}],"about":[{"href":"https:\/\/www.enfis.pt\/valledosreisfr\/wp-json\/wp\/v2\/types\/page"}],"author":[{"embeddable":true,"href":"https:\/\/www.enfis.pt\/valledosreisfr\/wp-json\/wp\/v2\/users\/1"}],"replies":[{"embeddable":true,"href":"https:\/\/www.enfis.pt\/valledosreisfr\/wp-json\/wp\/v2\/comments?post=19"}],"version-history":[{"count":0,"href":"https:\/\/www.enfis.pt\/valledosreisfr\/wp-json\/wp\/v2\/pages\/19\/revisions"}],"wp:attachment":[{"href":"https:\/\/www.enfis.pt\/valledosreisfr\/wp-json\/wp\/v2\/media?parent=19"}],"curies":[{"name":"wp","href":"https:\/\/api.w.org\/{rel}","templated":true}]}}